{"id":415,"date":"2021-12-22T11:46:31","date_gmt":"2021-12-22T11:46:31","guid":{"rendered":"https:\/\/asturarural.com\/EN\/?page_id=415"},"modified":"2021-12-26T17:35:50","modified_gmt":"2021-12-26T17:35:50","slug":"additional-information","status":"publish","type":"page","link":"https:\/\/asturarural.com\/EN\/additional-information\/","title":{"rendered":"Additional Information"},"content":{"rendered":"<p>[et_pb_section fb_built=\u00bb1&#8243; _builder_version=\u00bb3.22&#8243; global_colors_info=\u00bb{}\u00bb][et_pb_row _builder_version=\u00bb3.25&#8243; background_size=\u00bbinitial\u00bb background_position=\u00bbtop_left\u00bb background_repeat=\u00bbrepeat\u00bb global_colors_info=\u00bb{}\u00bb][et_pb_column type=\u00bb4_4&#8243; _builder_version=\u00bb3.25&#8243; custom_padding=\u00bb|||\u00bb global_colors_info=\u00bb{}\u00bb custom_padding__hover=\u00bb|||\u00bb][et_pb_text _builder_version=\u00bb4.14.4&#8243; background_size=\u00bbinitial\u00bb background_position=\u00bbtop_left\u00bb background_repeat=\u00bbrepeat\u00bb global_colors_info=\u00bb{}\u00bb]<\/p>\n<h1 class=\"entry-title main_title\"><strong>Additional Information<\/strong><\/h1>\n<p><strong><\/strong><\/p>\n<p><strong>RESPONSABLE<\/strong><\/p>\n<p>Identity: ANA B. MORALA DELGADO (hereinafter, HOTEL RURAL ASTURA)<br \/>NIF: 10.895.410-B<br \/>Postal address: Plaza de la Iglesia, 6. 24217 Villacelama (Le\u00f3n)<br \/>Telephone: +34 687 564 504<br \/>Email: info@asturarural.com<\/p>\n<p><strong>PURPOSE AND BASES OF LEGITIMATION<\/strong><\/p>\n<p>HOTEL RURAL ASTURA treats the information you provide us with the following purposes:<\/p>\n<p>1.- Send you the requested information about our services using any means, including electronic and instant messaging applications. The basis that legitimizes the treatment is the execution of pre-contractual or contractual measures.<\/p>\n<p>2.- Attend and manage the suggestions, claims and other queries that you make through the corresponding form or by email or by phone. The basis of legitimation is the consent of the interested party that you grant us at the time of accepting the Privacy Policy of this website unless the query is related to the requested \/ contracted service in which case the basis that legitimizes the treatment is the execution of pre-contractual or contractual measures.<\/p>\n<p>3.- Website maintenance. The basis of legitimation is the legitimate interest to allow communication between the equipment and the network, to provide the service requested on the website. This purpose corresponds to the need for the company to display content on its website and improve the usability of the users who access it.<\/p>\n<p>4.- Management of publications on our social networks, in the event that you decide to become a follower on our social network pages, or you have given your consent for your data to be published on them. You consent that your personal data be treated in the way in which each of these social networks allows it depending on their technique, as well as their own terms and conditions, and will not be used for purposes other than those provided by the networks themselves social networks and within the platform and \/ or environment thereof. In the following links you can expand the information:<\/p>\n<p>Facebook: <a href=\"http:\/\/www.facebook.com\/policy.php?ref=pf\">http:\/\/www.facebook.com\/policy.php?ref=pf<\/a><\/p>\n<p>You also consent to our access to the data contained in your profile, that we can send you commercial communications through the internal messaging of the social network, and that an event created by us may appear published on your wall, (in the case of Facebook ) or in other main sections of other social networks. You can stop following us on our social networks using the tools that they provide. We inform any interested party whose personal data may appear on the social networks whose profile we have open, the possibility of exercising their rights as specified in the RIGHTS section. The basis of legitimation is the consent of the interested party that you grant when you become a follower of our social networks.<\/p>\n<p>5.- Our website is being measured with Google Analytics, as a web analytics platform. This tool allows you to analyze the information received (eg, number of visits received and their duration, behavior on the page, etc &#8230;) and based on it, improve your user experience.<\/p>\n<p>More information about the Google Analytics Privacy Policy at <a href=\"http:\/\/www.google.com\/intl\/es_ALL\/privacypolicy.html\">http:\/\/www.google.com\/intl\/es_ALL\/privacypolicy.html<\/a><\/p>\n<p>The basis of legitimation is the consent of the interested party that you have granted when accepting our <a href=\"https:\/\/asturarural.com\/EN\/cookies-policy\/\">Cookies Policy.<\/a><\/p>\n<p>In addition, the processing of your personal data is legitimized for the fulfillment of legal obligations.<\/p>\n<p><strong>DATA CONSERVATION PERIODS<\/strong><\/p>\n<p>The personal data provided will be kept for the specified period according to the following criteria:<\/p>\n<p>The fulfillment of the legal obligations of conservation of the data;<br \/>The duration of the contractual and \/ or professional relationship and attention to any responsibilities derived from said relationship and<br \/>The request for deletion by the owner of the data in the cases in which it proceeds.<\/p>\n<p>Your data will remain blocked for the attention of judicial, administrative or fiscal claims, during the periods that result from the applicable legislation.<\/p>\n<p><strong>RECIPIENTS<\/strong><\/p>\n<p>The data may be communicated to:<\/p>\n<p>Entities related to the Data Controller,<br \/>Entities necessary for the provision of the contracted service;<br \/>Precise banking entities for the collection of the contracted services;<br \/>Our treatment managers, that is, the service providers who have to access your personal data for the development of their functions;<br \/>The competent authorities and bodies in compliance with the corresponding legal and fiscal obligations.<\/p>\n<p>In compliance with the principles of information and transparency, it is made known that these third parties are:<\/p>\n<p>Spanish Data Protection Agency (AEPD): It is a government agency in which matters within its competence are processed. It is located in C \/ Jorge<\/p>\n<p>Juan, 6. 28001 &#8211; Madrid and its privacy policy can be seen at <a href=\"http:\/\/www.agpd.es\/portalwebAGPD\/privacidad_aviso_legal-ides-idphp.php\">http:\/\/www.agpd.es\/portalwebAGPD\/privacidad_aviso_legal-ides-idphp.php<\/a><\/p>\n<p>Bizum: mobile payment solution. Privacy Policy: <a href=\"https:\/\/bizum.es\/cookies-de-la-app\">https:\/\/bizum.es\/cookies-de-la-app<\/a> \/ <a href=\"https:\/\/bizum.es\/politica-privacidad\">https:\/\/bizum.es\/politica-privacidad<\/a><\/p>\n<p>Google: company with which you have contracted various services (Android operating system with Google applications, Google search, Gmail, Google Drive, Google Maps, Google Chrome, Google Analytics, You Tube). These services are provided by Google LLC, located in Mountain View, California, United States of America. They have adopted standard data processing clauses approved by the European Commission that can be consulted at: <a href=\"https:\/\/cloud.google.com\/security\/gdpr\/resource-center\">https:\/\/cloud.google.com\/security\/gdpr\/resource-center<\/a> . If you want more information about its privacy policy, you can consult: <a href=\"https:\/\/policies.google.com\/privacy\">https:\/\/policies.google.com\/privacy<\/a><\/p>\n<p><a href=\"https:\/\/www.whatsapp.com\/legal\/updates\/privacy-policy\/?lang=es\">https:\/\/www.whatsapp.com\/legal\/updates\/privacy-policy\/?lang=es<\/a><\/p>\n<p>In addition, some of its services are provided by GOOGLE IRELAND LIMITED (located in Ireland).<\/p>\n<p>Microsoft: company with which you have contracted various services (Office, Microsoft Teams, Outlook, OneNote, &#8230;). This service is provided by Microsoft Corporation, located in Redmond, Washington, United States of America. They have adopted standard data processing clauses approved by the European Commission that can be consulted at: <a href=\"https:\/\/docs.microsoft.com\/es-ES\/microsoft-365\/compliance\/gdpr?view=o365-worldwide\">https:\/\/docs.microsoft.com\/es-ES\/microsoft-365\/compliance\/gdpr?view=o365-worldwide<\/a> . To obtain more information about its privacy policy, go to <a href=\"https:\/\/privacy.microsoft.com\/es-mx\/privacystatement\">https:\/\/privacy.microsoft.com\/es-mx\/privacystatement<\/a><\/p>\n<p><a href=\"https:\/\/docs.microsoft.com\/es-es\/compliance\/regulatory\/offering-eu-model-clauses\">https:\/\/docs.microsoft.com\/es-es\/compliance\/regulatory\/offering-eu-model-clauses<\/a><\/p>\n<p>CookieFirst: is a solution for cookies and online tracking that complies with the consent and information requirements of the Directive on privacy and electronic communications and the General Data Protection Regulation (GDPR). More information about CookieFirst&#8217;s Privacy Policy at<\/p>\n<p><a href=\"https:\/\/cookiefirst.com\/legal\/privacy-policy\/\">https:\/\/cookiefirst.com\/legal\/privacy-policy\/<\/a><\/p>\n<p>Apple: entity with which the provision of various services has been arranged. Apple Distribution International (Ireland) uses the approved Standard Contractual Clauses for the international transfer of personal information collected in the European Economic Area and in Switzerland. As a multinational company, Apple has a number of legal entities in various jurisdictions that are responsible for the personal information that they collect and that is processed on their behalf by Apple Inc. Apple complies with <a href=\"http:\/\/www.redipd.es\/actividades\/encuentros%20\/XI\/common\/Ponencias\/P3_IFAI_SISTEMA_CBPRs.pdf\">http:\/\/www.redipd.es\/actividades\/encuentros \/XI\/common\/Ponencias\/P3_IFAI_SISTEMA_CBPRs.pdf<\/a>. The APEC CBPR system provides a framework for organizations to ensure the protection of personal information that is transferred between APEC participating economies. You can check their privacy policy at <a href=\"https:\/\/www.apple.com\/legal\/privacy\/es\">https:\/\/www.apple.com\/legal\/privacy\/es<\/a><\/p>\n<p>Facebook: Tool used as a social network and for the purpose of connecting with the owner of the data. The service is provided by the company Facebook Ireland Ltd., its servers are in the United States. They have adopted standard data processing clauses approved by the European Commission that can be consulted at: <a href=\"https:\/\/www.facebook.com\/legal\/terms\/dataprocessing\">https:\/\/www.facebook.com\/legal\/terms\/dataprocessing<\/a> . Its privacy policy can be consulted at <a href=\"https:\/\/www.facebook.com\/business\/gdpr\">https:\/\/www.facebook.com\/business\/gdpr<\/a> . With this tool, the advertising that can be carried out on WhatsApp and \/ or Instagram is also managed, as well as the analysis of data and statistics for a possible segmentation of advertising.<\/p>\n<p><a href=\"https:\/\/es-la.facebook.com\/legal\/EU_data_transfer_addendum\">https:\/\/es-la.facebook.com\/legal\/EU_data_transfer_addendum<\/a><\/p>\n<p>WhatsApp: Tool used for communication with users, buyers, clients and participants through the company WhatsApp Ireland Limited (for those located in Europe), you can contact them through the link https:\/\/www.whatsapp.com\/contact\/?subject = messenger and its privacy policy can be seen at <a href=\"https:\/\/www.whatsapp.com\/legal?eea=1#privacy-policy\">https:\/\/www.whatsapp.com\/legal?eea=1#privacy-policy<\/a><\/p>\n<p>Telegram: tool used to communicate with users through the company Telegram Messenger Inc. Located outside the European Economic Area. However, if users reside in a country of the European Economic Area (EEA), Telegram, being outside the EEA, has designated one of its group companies based in the EEA, Telegram UK Holdings Ltd (71-75 Shelton Street , Covent Garden, London, England, WC2H 9JQ), as a representative to whom you can address any problem you have related to the processing of personal data. In addition, your consent will be requested in order to be used. For more information at <a href=\"https:\/\/telegram.org\/privacy#3-what-personal-data-we-use\">https:\/\/telegram.org\/privacy#3-what-personal-data-we-use<\/a><\/p>\n<p>If this information is illegal, the requested service will not be processed.<\/p>\n<p>You are responsible for the veracity of the data communicated.<\/p>\n<p><strong>SOCIAL NETWORKS<\/strong><\/p>\n<p>If you access our social networks, we can process the data obtained through them, if you have authorized it by accepting their corresponding terms and conditions.<\/p>\n<p><strong>COOKIES<\/strong><\/p>\n<p>HOTEL RURAL ASTURA will only use cookies when you have previously consented to do so, being able to access, where appropriate, the information provided by them.<\/p>\n<p>For more information, visit our <a href=\"https:\/\/asturarural.com\/EN\/cookies-policy\/\">Cookies Policy.<\/a><\/p>\n<p><strong>RIGHTS<\/strong><\/p>\n<p>Anyone has the right to obtain confirmation as to whether the HOTEL RURAL ASTURA is treating personal data that concerns them, or not.<\/p>\n<p>Interested persons have the right to access their personal data, as well as to request the rectification of inaccurate data or, where appropriate, request its deletion when, among other reasons, the data is no longer necessary for the purposes for which it was collected.<\/p>\n<p>In certain circumstances, the interested parties may request the limitation of the processing of their data, in which case we will only keep them for the exercise or defense of claims.<\/p>\n<p>In certain circumstances and for reasons related to their particular situation, the interested parties may object to the processing of their data. HOTEL RURAL ASTURA will stop processing the data, except for compelling legitimate reasons, or the exercise or defense of possible claims.<\/p>\n<p>You can exercise your rights by requesting it in writing, and together with a photocopy of a reliable document that proves your identity (being valid ID, passport, driving license or residence card) at the following postal address: Plaza de la Iglesia, 6. 24217 Villacelama (Le\u00f3n) or by email info@asturarural.com<\/p>\n<p>Likewise, you can file a claim with the Spanish Data Protection Agency in the event that you have not obtained satisfaction in the exercise of your rights. You can contact her at the address <a href=\"http:\/\/www.aepd.es\">www.aepd.es<\/a><\/p>\n<p>The Rights that assist you are:<\/p>\n<p>Right to request access to personal data relating to the interested party,<br \/>Right to request its rectification or deletion,<br \/>Right to request the limitation of your treatment, and to<br \/>Right to object to treatment,<br \/>Right to data portability.<\/p>\n<p>Finally, you have the right for HOTEL RURAL ASTURA, as the data controller, to give you your personal data in a commonly used and machine-readable format and \/ or to transmit them to another controller.<\/p>\n<p><strong>CONFIDENTIALITY IN THE TREATMENT<\/strong><\/p>\n<p>All the staff of the HOTEL RURAL ASTURA are informed about the legal requirements regarding data protection and privacy, and are committed to maintaining the duty of secrecy regarding the data processed in accordance with the provisions of the personal data protection regulations.<\/p>\n<p>Your data will be treated confidentially.<\/p>\n<p><strong>SAFETY IN THE TREATMENT<\/strong><\/p>\n<p>HOTEL RURAL ASTURA complies with the security measures required by the personal data protection regulations.<\/p>\n<p>&nbsp;<\/p>\n<p><!-- \/divi:paragraph -->[\/et_pb_text][\/et_pb_column][\/et_pb_row][\/et_pb_section]<\/p>\n","protected":false},"excerpt":{"rendered":"<p>Additional Information RESPONSABLE Identity: ANA B. MORALA DELGADO (hereinafter, HOTEL RURAL ASTURA)NIF: 10.895.410-BPostal address: Plaza de la Iglesia, 6. 24217 Villacelama (Le\u00f3n)Telephone: +34 687 564 504Email: info@asturarural.com PURPOSE AND BASES OF LEGITIMATION HOTEL RURAL ASTURA treats the information you provide us with the following purposes: 1.- Send you the requested information about our services using [&hellip;]<\/p>\n","protected":false},"author":1,"featured_media":0,"parent":0,"menu_order":0,"comment_status":"closed","ping_status":"closed","template":"","meta":{"_et_pb_use_builder":"on","_et_pb_old_content":"<!-- wp:paragraph -->\n<p><strong>RESPONSABLE<\/strong><\/p>\n<!-- \/wp:paragraph -->\n\n<!-- wp:paragraph -->\n<p>Identidad:&nbsp;&nbsp;&nbsp;&nbsp; ANA B. MORALA DELGADO (en adelante, HOTEL RURAL ASTURA)<\/p>\n<!-- \/wp:paragraph -->\n\n<!-- wp:paragraph -->\n<p>NIF:&nbsp;&nbsp;&nbsp;&nbsp;&nbsp;&nbsp;&nbsp;&nbsp;&nbsp;&nbsp;&nbsp;&nbsp;10.895.410-B<\/p>\n<!-- \/wp:paragraph -->\n\n<!-- wp:paragraph -->\n<p>Dir. postal:&nbsp;&nbsp;&nbsp; Plaza de la Iglesia, 6. 24217 Villacelama (Le\u00f3n)<\/p>\n<!-- \/wp:paragraph -->\n\n<!-- wp:paragraph -->\n<p>Tel\u00e9fono:&nbsp;&nbsp;&nbsp;&nbsp;&nbsp; +34 687 564 504<\/p>\n<!-- \/wp:paragraph -->\n\n<!-- wp:paragraph -->\n<p>Correo elect: <a href=\"mailto:info@asturarural.com\">info@asturarural.com<\/a>&nbsp;<\/p>\n<!-- \/wp:paragraph -->\n\n<!-- wp:paragraph -->\n<p><strong>FINALIDAD Y BASES DE LEGITIMACI\u00d3N<\/strong><\/p>\n<!-- \/wp:paragraph -->\n\n<!-- wp:paragraph -->\n<p>HOTEL RURAL ASTURA trata la informaci\u00f3n que nos facilitas con los siguientes fines:<\/p>\n<!-- \/wp:paragraph -->\n\n<!-- wp:paragraph -->\n<p>1.- Enviarte la informaci\u00f3n solicitada sobre nuestros servicios empleando cualquier medio, incluidos los electr\u00f3nicos y aplicaciones de mensajer\u00eda instant\u00e1nea. La base que legitima el tratamiento es la ejecuci\u00f3n de medidas precontractuales o contractuales.<\/p>\n<!-- \/wp:paragraph -->\n\n<!-- wp:paragraph -->\n<p>2.- Atender y gestionar las sugerencias, reclamaciones y otras consultas que realices a trav\u00e9s del formulario correspondiente o bien mediante correo electr\u00f3nico o v\u00eda telef\u00f3nica. La base de legitimaci\u00f3n es el consentimiento del interesado que nos otorgas en el momento de aceptar la Pol\u00edtica de Privacidad de esta Web a menos que la consulta se encuentre relacionada con el servicio solicitado\/contratado en cuyo caso la base que legitima el tratamiento es la ejecuci\u00f3n de medidas precontractuales o contractuales.<\/p>\n<!-- \/wp:paragraph -->\n\n<!-- wp:paragraph -->\n<p>3.- Mantenimiento del sitio web. La base de legitimaci\u00f3n es el inter\u00e9s leg\u00edtimo para permitir la comunicaci\u00f3n entre el equipo y la red, para prestar el servicio solicitado en el sitio web. Esta finalidad se corresponde con la necesidad de la empresa de mostrar contenido en su sitio web y mejorar la usabilidad por parte de los usuarios que acceden.<\/p>\n<!-- \/wp:paragraph -->\n\n<!-- wp:paragraph -->\n<p>4.- Gesti\u00f3n de publicaciones en nuestras redes sociales, en el caso de que decidas hacerte seguidor en nuestras p\u00e1ginas de redes sociales, o bien hayas otorgado tu consentimiento para que se publiquen tus datos en las mismas. Consientes que tus datos personales sean tratados en la forma en la que cada una de estas redes sociales lo permitan en funci\u00f3n de su t\u00e9cnica, as\u00ed como de sus propios t\u00e9rminos y condiciones, y no ser\u00e1n utilizadas para finalidades distintas a las previstas por las propias redes sociales y dentro de la plataforma y\/o entorno de \u00e9stas. En los siguientes enlaces puedes ampliar la informaci\u00f3n:<\/p>\n<!-- \/wp:paragraph -->\n\n<!-- wp:paragraph -->\n<p>Facebook: http:\/\/www.facebook.com\/policy.php?ref=pf<\/p>\n<!-- \/wp:paragraph -->\n\n<!-- wp:paragraph -->\n<p>Tambi\u00e9n consientes nuestro acceso a los datos contenidos en tu perfil, a que te podamos enviar comunicaciones comerciales a trav\u00e9s de la mensajer\u00eda interna de la red social, y que un evento creado por nosotros pueda aparecer publicado en tu muro, (en el caso de Facebook) o en otras secciones principales de otras redes sociales. Puedes dejar de seguirnos en nuestras redes sociales utilizando las herramientas que ellas mismas proporcionan. Informamos a cualquier interesado cuyos datos personales puedan aparecer en las redes sociales cuyo perfil tengamos abierto, la posibilidad de ejercer sus derechos conforme se especifica en el apartado <strong>DERECHOS<\/strong>. La base de legitimaci\u00f3n es el consentimiento del interesado que otorgas al hacerte seguidor de nuestras redes sociales.<\/p>\n<!-- \/wp:paragraph -->\n\n<!-- wp:paragraph -->\n<p>5.- Nuestra p\u00e1gina web est\u00e1 siendo medida con Google Analytics, como plataforma de anal\u00edtica web. Esta herramienta permite analizar la informaci\u00f3n recibida (ej., n\u00famero de visitas recibidas y su duraci\u00f3n, comportamiento en la p\u00e1gina, etc\u2026) y en base a ella mejorar tu experiencia como usuario.<\/p>\n<!-- \/wp:paragraph -->\n\n<!-- wp:paragraph -->\n<p>M\u00e1s informaci\u00f3n sobre la Pol\u00edtica de Privacidad de Google Analytics en <a href=\"http:\/\/www.google.com\/intl\/es_ALL\/privacypolicy.html\">http:\/\/www.google.com\/intl\/es_ALL\/privacypolicy.html<\/a><\/p>\n<!-- \/wp:paragraph -->\n\n<!-- wp:paragraph -->\n<p>La base de legitimaci\u00f3n es el consentimiento del interesado que has otorgado al aceptar nuestra <a href=\"https:\/\/asturarural.com\/EN\/politica-de-cookies\/\">Pol\u00edtica de Cookies<\/a>.<\/p>\n<!-- \/wp:paragraph -->\n\n<!-- wp:paragraph -->\n<p>Adem\u00e1s, el tratamiento de tus datos personales est\u00e1 legitimado para el cumplimiento de obligaciones legales.<\/p>\n<!-- \/wp:paragraph -->\n\n<!-- wp:paragraph -->\n<p><strong>PLAZOS DE CONSERVACI\u00d3N DE LOS DATOS<\/strong><\/p>\n<!-- \/wp:paragraph -->\n\n<!-- wp:paragraph -->\n<p>Los datos personales proporcionados se conservar\u00e1n por el plazo determinado atendiendo a los siguientes criterios:<\/p>\n<!-- \/wp:paragraph -->\n\n<!-- wp:list -->\n<ul><li>El cumplimiento de las obligaciones legales de conservaci\u00f3n de los datos;<\/li><li>La duraci\u00f3n de la relaci\u00f3n contractual y\/o profesional y atenci\u00f3n de cualesquiera responsabilidades derivadas de dicha relaci\u00f3n y<\/li><li>La solicitud de supresi\u00f3n por parte del titular del dato en los supuestos en los que proceda.<\/li><\/ul>\n<!-- \/wp:list -->\n\n<!-- wp:paragraph -->\n<p>Tus datos permanecer\u00e1n bloqueados para la atenci\u00f3n de reclamaciones judiciales, administrativas o fiscales, durante los plazos que resulten de la legislaci\u00f3n aplicable.<\/p>\n<!-- \/wp:paragraph -->\n\n<!-- wp:paragraph -->\n<p><strong>DESTINATARIOS<\/strong><\/p>\n<!-- \/wp:paragraph -->\n\n<!-- wp:paragraph -->\n<p>Los datos se podr\u00e1n comunicar a:<\/p>\n<!-- \/wp:paragraph -->\n\n<!-- wp:list -->\n<ul><li>Entidades relacionadas con el Responsable del Tratamiento,<\/li><li>Entes necesarios para la prestaci\u00f3n del servicio contratado;<\/li><li>Entidades bancarias precisas para el cobro de los servicios contratados;<\/li><li>Nuestros encargados del tratamiento, es decir, los prestadores de servicios que tengan que acceder a sus datos personales para el desarrollo de sus funciones;<\/li><li>Las autoridades y organismos competentes en cumplimiento de las obligaciones jur\u00eddicas y fiscales que correspondan.<\/li><\/ul>\n<!-- \/wp:list -->\n\n<!-- wp:paragraph -->\n<p>En cumplimiento de los principios de informaci\u00f3n y transparencia, se hace saber que estos terceros son:<\/p>\n<!-- \/wp:paragraph -->\n\n<!-- wp:list -->\n<ul><li>Agencia Espa\u00f1ola de Protecci\u00f3n de Datos (AEPD): Es una agencia gubernamental en la cual se tramitan las materias de su competencia. Se encuentra ubicada en C\/ Jorge Juan, 6. 28001 \u2013 Madrid y su pol\u00edtica de privacidad puede observarse en <a href=\"http:\/\/www.agpd.es\/portalwebAGPD\/privacidad_aviso_legal-ides-idphp.php\">http:\/\/www.agpd.es\/portalwebAGPD\/privacidad_aviso_legal-ides-idphp.php<\/a><\/li><\/ul>\n<!-- \/wp:list -->\n\n<!-- wp:list -->\n<ul><li>Bizum: soluci\u00f3n de pagos a trav\u00e9s del m\u00f3vil. Pol\u00edtica de privacidad: <a href=\"https:\/\/bizum.es\/cookies-de-la-app\/\">https:\/\/bizum.es\/cookies-de-la-app\/<\/a> <a href=\"https:\/\/bizum.es\/politica-privacidad\/\">https:\/\/bizum.es\/politica-privacidad\/<\/a><\/li><\/ul>\n<!-- \/wp:list -->\n\n<!-- wp:list -->\n<ul><li>Google: empresa con la que ha contratado varios servicios (sistema operativo Android con aplicaciones de Google, b\u00fasqueda de Google, Gmail, Google Drive, Google Maps, Google Chrome, Google Analytics, You Tube). Estos servicios est\u00e1n a cargo de la empresa Google LLC, ubicada en Mountain View, California, Estados Unidos de Am\u00e9rica. Han adoptado cl\u00e1usulas tipo de procesamiento de datos aprobadas por la Comisi\u00f3n Europea que pueden ser consultadas en: https:\/\/cloud.google.com\/security\/gdpr\/resource-center. Si desea obtener m\u00e1s informaci\u00f3n sobre su pol\u00edtica de privacidad puede consultar: <a href=\"https:\/\/policies.google.com\/privacy\">https:\/\/policies.google.com\/privacy<\/a><\/li><\/ul>\n<!-- \/wp:list -->\n\n<!-- wp:embed {\"url\":\"https:\/\/www.whatsapp.com\/legal\/updates\/privacy-policy\/?lang=es\"} -->\n<figure class=\"wp-block-embed\"><div class=\"wp-block-embed__wrapper\">\nhttps:\/\/www.whatsapp.com\/legal\/updates\/privacy-policy\/?lang=es\n<\/div><\/figure>\n<!-- \/wp:embed -->\n\n<!-- wp:paragraph -->\n<p>Adem\u00e1s, algunos de sus servicios son prestados por GOOGLE IRELAND LIMITED (sita en Irlanda).<\/p>\n<!-- \/wp:paragraph -->\n\n<!-- wp:list -->\n<ul><li>Microsoft: empresa con la que ha contratado varios servicios (Office, Microsoft Teams, Outlook, OneNote, \u2026). Este servicio a cargo de la empresa Microsoft Corporation, ubicada en Redmond, Washington, Estados Unidos de Am\u00e9rica. Han adoptado cl\u00e1usulas tipo de procesamiento de datos aprobadas por la Comisi\u00f3n Europea que pueden ser consultadas en: https:\/\/docs.microsoft.com\/es-ES\/microsoft-365\/compliance\/gdpr?view=o365-worldwide. Para obtener m\u00e1s informaci\u00f3n sobre su pol\u00edtica de privacidad ingresa en <a href=\"https:\/\/privacy.microsoft.com\/es-mx\/privacystatement\">https:\/\/privacy.microsoft.com\/es-mx\/privacystatement<\/a><\/li><\/ul>\n<!-- \/wp:list -->\n\n<!-- wp:embed {\"url\":\"https:\/\/docs.microsoft.com\/es-es\/compliance\/regulatory\/offering-eu-model-clauses\"} -->\n<figure class=\"wp-block-embed\"><div class=\"wp-block-embed__wrapper\">\nhttps:\/\/docs.microsoft.com\/es-es\/compliance\/regulatory\/offering-eu-model-clauses\n<\/div><\/figure>\n<!-- \/wp:embed -->\n\n<!-- wp:list -->\n<ul><li>CookieFirst: es una soluci\u00f3n para cookies y seguimiento en l\u00ednea que cumple con los requisitos de consentimiento e informaci\u00f3n de la Directiva sobre la privacidad y las comunicaciones electr\u00f3nicas y del Reglamento general de protecci\u00f3n de datos (RGPD). M\u00e1s informaci\u00f3n sobre Pol\u00edtica de Privacidad de CookieFirst en<\/li><\/ul>\n<!-- \/wp:list -->\n\n<!-- wp:embed {\"url\":\"https:\/\/cookiefirst.com\/legal\/privacy-policy\/\",\"type\":\"wp-embed\",\"providerNameSlug\":\"cookiefirst-cookie-consent-management\"} -->\n<figure class=\"wp-block-embed is-type-wp-embed is-provider-cookiefirst-cookie-consent-management wp-block-embed-cookiefirst-cookie-consent-management\"><div class=\"wp-block-embed__wrapper\">\nhttps:\/\/cookiefirst.com\/legal\/privacy-policy\/\n<\/div><\/figure>\n<!-- \/wp:embed -->\n\n<!-- wp:list -->\n<ul><li>Apple: entidad con la que tiene concertado la prestaci\u00f3n de varios servicios. Apple Distribution International (Irlanda) utiliza las Cl\u00e1usulas Contractuales Tipo aprobadas para la transferencia internacional de informaci\u00f3n personal recogida en el Espacio Econ\u00f3mico Europeo y en Suiza. Como empresa multinacional, Apple tiene una serie de entidades legales en varias jurisdicciones que se responsabilizan de la informaci\u00f3n personal que recogen y que es tratada en su nombre por Apple Inc. Apple cumple con <a href=\"http:\/\/www.redipd.es\/actividades\/encuentros\/XI\/common\/Ponencias\/P3_IFAI_SISTEMA_CBPRs.pdf\">http:\/\/www.redipd.es\/actividades\/encuentros\/XI\/common\/Ponencias\/P3_IFAI_SISTEMA_CBPRs.pdf<\/a> . El sistema CBPR del APEC proporciona un marco de actuaci\u00f3n para que las organizaciones garanticen la protecci\u00f3n de la informaci\u00f3n personal que se transfiere entre las econom\u00edas que participan en el APEC. Puede consultar su pol\u00edtica de privacidad en <a href=\"https:\/\/www.apple.com\/legal\/privacy\/es\/\">https:\/\/www.apple.com\/legal\/privacy\/es\/<\/a><\/li><\/ul>\n<!-- \/wp:list -->\n\n<!-- wp:list -->\n<ul><li>Facebook: Herramienta utilizada como red social y a los fines de conectarse con el titular de los datos. El servicio es prestado por la empresa Facebook Ireland Ltd., sus servidores est\u00e1n en Estados Unidos. Han adoptado cl\u00e1usulas tipo de procesamiento de datos aprobadas por la Comisi\u00f3n Europea que pueden ser consultadas en: https:\/\/www.facebook.com\/legal\/terms\/dataprocessing. . Puede consultarse su pol\u00edtica de privacidad en https:\/\/www.facebook.com\/business\/gdpr. Con esta herramienta tambi\u00e9n se maneja la publicidad que se pueda realizar en Whatssapp y\/o Instagram, as\u00ed como el an\u00e1lisis de datos y estad\u00edsticas para una posible segmentaci\u00f3n de la publicidad.<\/li><\/ul>\n<!-- \/wp:list -->\n\n<!-- wp:embed {\"url\":\"https:\/\/es-la.facebook.com\/legal\/EU_data_transfer_addendum\"} -->\n<figure class=\"wp-block-embed\"><div class=\"wp-block-embed__wrapper\">\nhttps:\/\/es-la.facebook.com\/legal\/EU_data_transfer_addendum\n<\/div><\/figure>\n<!-- \/wp:embed -->\n\n<!-- wp:list -->\n<ul><li>WhatsApp: Herramienta utilizada para la comunicaci\u00f3n con los usuarios, compradores, clientes y participantes a trav\u00e9s de la empresa WhatsApp Ireland Limited (para los que se encuentran ubicados en Europa), puede contactarse a trav\u00e9s del enlace https:\/\/www.whatsapp.com\/contact\/?subject=messenger y su pol\u00edtica de privacidad puede observarse en <a href=\"https:\/\/www.whatsapp.com\/legal?eea=1#privacy-policy\">https:\/\/www.whatsapp.com\/legal?eea=1#privacy-policy<\/a><\/li><\/ul>\n<!-- \/wp:list -->\n\n<!-- wp:list -->\n<ul><li>Telegram: herramienta empleada para la comunicaci\u00f3n con los usuarios a trav\u00e9s de la empresa Telegram Messenger Inc. Ubicada fuera del Espacio Econ\u00f3mico Europeo. Ahora bien, si los usuarios residen en un pa\u00eds del Espacio Econ\u00f3mico Europeo (EEE), Telegram al encontrarse fuera del EEE, ha designado a una de sus empresas del grupo con sede en el EEE, Telegram UK Holdings Ltd (71-75 Shelton Street, Covent Garden, Londres, Inglaterra, WC2H 9JQ), como representante ante quien se podr\u00e1 dirigir cualquier problema que tenga relacionado con el procesamiento de los datos personales. Adem\u00e1s, Se solicitar\u00e1 su consentimiento para poder ser utilizada. Para m\u00e1s informaci\u00f3n en <a href=\"https:\/\/telegram.org\/privacy#3-what-personal-data-we-use\">https:\/\/telegram.org\/privacy#3-what-personal-data-we-use<\/a><\/li><\/ul>\n<!-- \/wp:list -->\n\n<!-- wp:paragraph -->\n<p><strong>DATOS OBLIGATORIOS Y CONSECUENCIAS DE NO FACILITARLOS<\/strong><\/p>\n<!-- \/wp:paragraph -->\n\n<!-- wp:paragraph -->\n<p>Para acceder a determinados servicios ser\u00e1 preciso proporcionar la informaci\u00f3n requerida en los oportunos formularios. En caso de no facilitarse esa informaci\u00f3n no se podr\u00e1 tramitar el servicio solicitado.<\/p>\n<!-- \/wp:paragraph -->\n\n<!-- wp:paragraph -->\n<p>T\u00fa te haces responsable de la veracidad de los datos comunicados.<\/p>\n<!-- \/wp:paragraph -->\n\n<!-- wp:paragraph -->\n<p><strong>REDES SOCIALES<\/strong><\/p>\n<!-- \/wp:paragraph -->\n\n<!-- wp:paragraph -->\n<p>Si accedes a nuestras redes sociales, podremos tratar los datos obtenidos a trav\u00e9s de las mismas, en caso de que lo hayas autorizado aceptando sus correspondientes t\u00e9rminos y condiciones.<\/p>\n<!-- \/wp:paragraph -->\n\n<!-- wp:paragraph -->\n<p><strong>COOKIES<\/strong><\/p>\n<!-- \/wp:paragraph -->\n\n<!-- wp:paragraph -->\n<p>HOTEL RURAL ASTURA \u00fanicamente utilizar\u00e1 cookies cuando hayas consentido previamente para ello, pudiendo acceder, en su caso, a la informaci\u00f3n facilitada por las mismas.<\/p>\n<!-- \/wp:paragraph -->\n\n<!-- wp:paragraph -->\n<p>Si deseas m\u00e1s informaci\u00f3n, visita nuestra <a href=\"https:\/\/asturarural.com\/EN\/politica-de-cookies\/\">Pol\u00edtica de Cookies<\/a>.<\/p>\n<!-- \/wp:paragraph -->\n\n<!-- wp:paragraph -->\n<p><strong>DERECHOS<\/strong><\/p>\n<!-- \/wp:paragraph -->\n\n<!-- wp:paragraph -->\n<p>Cualquier persona tiene derecho a obtener confirmaci\u00f3n sobre si el HOTEL RURAL ASTURA est\u00e1 tratando datos personales que les conciernan, o no.<\/p>\n<!-- \/wp:paragraph -->\n\n<!-- wp:paragraph -->\n<p>Las personas interesadas tienen derecho a acceder a sus datos personales, as\u00ed como a solicitar la rectificaci\u00f3n de los datos inexactos o, en su caso, solicitar su supresi\u00f3n cuando, entre otros motivos, los datos ya no sean necesarios para los fines que fueron recogidos.<\/p>\n<!-- \/wp:paragraph -->\n\n<!-- wp:paragraph -->\n<p>En determinadas circunstancias, los interesados podr\u00e1n solicitar la limitaci\u00f3n del tratamiento de sus datos, en cuyo caso \u00fanicamente los conservaremos para el ejercicio o la defensa de reclamaciones.<\/p>\n<!-- \/wp:paragraph -->\n\n<!-- wp:paragraph -->\n<p>En determinadas circunstancias y por motivos relacionados con su situaci\u00f3n particular, los interesados podr\u00e1n oponerse al tratamiento de sus datos. HOTEL RURAL ASTURA dejar\u00e1 de tratar los datos, salvo por motivos leg\u00edtimos imperiosos, o el ejercicio o la defensa de posibles reclamaciones.<\/p>\n<!-- \/wp:paragraph -->\n\n<!-- wp:paragraph -->\n<p>Podr\u00e1s ejercer tus derechos solicit\u00e1ndolo por escrito, y junto a una fotocopia de un documento fehaciente que acredite tu identidad (siendo v\u00e1lidos DNI, pasaporte, permiso de conducci\u00f3n o tarjeta de residencia) en la siguiente direcci\u00f3n postal: Plaza de la Iglesia, 6. 24217 Villacelama (Le\u00f3n) o en el correo electr\u00f3nico <a href=\"mailto:info@asturarural.com\">info@asturarural.com<\/a><\/p>\n<!-- \/wp:paragraph -->\n\n<!-- wp:paragraph -->\n<p>As\u00ed mismo, podr\u00e1s presentar una reclamaci\u00f3n ante la Agencia Espa\u00f1ola de Protecci\u00f3n de Datos en el supuesto de que no haya obtenido satisfacci\u00f3n en el ejercicio de sus derechos. Podr\u00e1s ponerse en contacto con ella en la direcci\u00f3n <a href=\"http:\/\/www.aepd.es\/\">www.aepd.es<\/a><\/p>\n<!-- \/wp:paragraph -->\n\n<!-- wp:paragraph -->\n<p>Los Derechos que te asisten son:<\/p>\n<!-- \/wp:paragraph -->\n\n<!-- wp:list -->\n<ul><li>Derecho a solicitar el acceso a los datos personales relativos al interesado,<\/li><li>Derecho a solicitar su rectificaci\u00f3n o supresi\u00f3n,<\/li><li>Derecho a solicitar la limitaci\u00f3n de su tratamiento, y a<\/li><li>Derecho a oponerse al tratamiento,<\/li><li>Derecho a la portabilidad de los datos.<\/li><\/ul>\n<!-- \/wp:list -->\n\n<!-- wp:paragraph -->\n<p>Finalmente, tienes derecho a que el HOTEL RURAL ASTURA, como responsable del tratamiento, te entregue tus datos personales en un formato de uso com\u00fan y de lectura mec\u00e1nica y\/o a transmitirlos a otro responsable.<\/p>\n<!-- \/wp:paragraph -->\n\n<!-- wp:paragraph -->\n<p><strong>CONFIDENCIALIDAD EN EL TRATAMIENTO<\/strong><\/p>\n<!-- \/wp:paragraph -->\n\n<!-- wp:paragraph -->\n<p>Todo el personal del HOTEL RURAL ASTURA est\u00e1 informado sobre los requisitos legales en materia de protecci\u00f3n de datos y privacidad, y est\u00e1n comprometidos a mantener el deber de secreto respecto de los datos tratados de acuerdo con lo establecido en la normativa de protecci\u00f3n de datos personales.<\/p>\n<!-- \/wp:paragraph -->\n\n<!-- wp:paragraph -->\n<p>Tus datos ser\u00e1n tratados de forma confidencial.<\/p>\n<!-- \/wp:paragraph -->\n\n<!-- wp:paragraph -->\n<p><strong>SEGURIDAD EN EL TRATAMIENTO<\/strong><\/p>\n<!-- \/wp:paragraph -->\n\n<!-- wp:paragraph -->\n<p>HOTEL RURAL ASTURA cumple con las medidas de seguridad exigidas por la normativa de protecci\u00f3n de datos personales.<\/p>\n<!-- \/wp:paragraph -->","_et_gb_content_width":"1080","footnotes":""},"class_list":["post-415","page","type-page","status-publish","hentry"],"_links":{"self":[{"href":"https:\/\/asturarural.com\/EN\/wp-json\/wp\/v2\/pages\/415","targetHints":{"allow":["GET"]}}],"collection":[{"href":"https:\/\/asturarural.com\/EN\/wp-json\/wp\/v2\/pages"}],"about":[{"href":"https:\/\/asturarural.com\/EN\/wp-json\/wp\/v2\/types\/page"}],"author":[{"embeddable":true,"href":"https:\/\/asturarural.com\/EN\/wp-json\/wp\/v2\/users\/1"}],"replies":[{"embeddable":true,"href":"https:\/\/asturarural.com\/EN\/wp-json\/wp\/v2\/comments?post=415"}],"version-history":[{"count":12,"href":"https:\/\/asturarural.com\/EN\/wp-json\/wp\/v2\/pages\/415\/revisions"}],"predecessor-version":[{"id":607,"href":"https:\/\/asturarural.com\/EN\/wp-json\/wp\/v2\/pages\/415\/revisions\/607"}],"wp:attachment":[{"href":"https:\/\/asturarural.com\/EN\/wp-json\/wp\/v2\/media?parent=415"}],"curies":[{"name":"wp","href":"https:\/\/api.w.org\/{rel}","templated":true}]}}